{"id":3820,"date":"2025-08-10T16:14:38","date_gmt":"2025-08-10T14:14:38","guid":{"rendered":"https:\/\/www.inextremis-aventura.fr\/activitats\/via-ferrata-lintermedia-sant-pau-de-fenouillet-pirineus-orientals\/"},"modified":"2025-11-24T15:14:00","modified_gmt":"2025-11-24T15:14:00","slug":"via-ferrada-intermedia-sant-pau-de-fenouillet-pirineus-orientals","status":"publish","type":"page","link":"https:\/\/www.inextremis-aventura.fr\/ca\/activitats\/via-ferrada-intermedia-sant-pau-de-fenouillet-pirineus-orientals\/","title":{"rendered":"Via Ferrada interm\u00e8dia a Saint Paul de Fenouillet"},"content":{"rendered":"<div class=\"wpb-content-wrapper\"><p>[vc_row full_width=&#8221;stretch_row_content_no_spaces&#8221; content_placement=&#8221;middle&#8221; css=&#8221;.vc_custom_1754069214761{padding-top: 10px !important;padding-right: 10px !important;padding-bottom: 10px !important;padding-left: 10px !important;background-color: #FB2056 !important;}&#8221; el_class=&#8221;barre&#8221;][vc_column width=&#8221;1\/4&#8243; offset=&#8221;vc_hidden-sm vc_hidden-xs&#8221;][vc_column_text css=&#8221;&#8221;]<\/p>\r\n<p><a href=\"https:\/\/reservation.inextremis-aventura.fr\/ca\/contacta-amb-nosaltres\/\"><strong><img loading=\"lazy\" decoding=\"async\" class=\"alignnone wp-image-8222\" src=\"https:\/\/www.inextremis-aventura.fr\/wp-content\/uploads\/2022\/12\/icone-mail.png\" alt=\"info@inextremis-aventura.com\" width=\"38\" height=\"25\" \/> Contacta amb nosaltres !<\/strong><\/a><\/p>\r\n<p>[\/vc_column_text][\/vc_column][vc_column width=&#8221;1\/4&#8243; offset=&#8221;vc_hidden-xs&#8221;][vc_column_text css=&#8221;&#8221;]<strong><img loading=\"lazy\" decoding=\"async\" class=\"alignnone wp-image-8218\" src=\"https:\/\/www.inextremis-aventura.fr\/wp-content\/uploads\/2022\/12\/icone-tel.png\" sizes=\"auto, (max-width: 25px) 100vw, 25px\" srcset=\"https:\/\/www.inextremis-aventura.fr\/wp-content\/uploads\/2022\/12\/icone-tel.png 54w, https:\/\/www.inextremis-aventura.fr\/wp-content\/uploads\/2022\/12\/icone-tel-50x49.png 50w\" alt=\"+33980850565\" width=\"25\" height=\"25\" \/><\/strong><strong>+33 980 850 565<\/strong>[\/vc_column_text][\/vc_column][vc_column width=&#8221;1\/4&#8243;][vc_column_text css=&#8221;&#8221;]<strong><img loading=\"lazy\" decoding=\"async\" class=\"alignnone wp-image-8218\" src=\"https:\/\/www.inextremis-aventura.fr\/wp-content\/uploads\/2022\/12\/icone-tel.png\" sizes=\"auto, (max-width: 25px) 100vw, 25px\" srcset=\"https:\/\/www.inextremis-aventura.fr\/wp-content\/uploads\/2022\/12\/icone-tel.png 54w, https:\/\/www.inextremis-aventura.fr\/wp-content\/uploads\/2022\/12\/icone-tel-50x49.png 50w\" alt=\"+33980850565\" width=\"25\" height=\"25\" \/>+33 629 564 036<\/strong>[\/vc_column_text][\/vc_column][vc_column width=&#8221;1\/4&#8243; offset=&#8221;vc_hidden-xs&#8221;][vc_column_text css=&#8221;&#8221;]<strong><a class=\"customize-unpreviewable\" href=\"https:\/\/maps.app.goo.gl\/2uV1V6YBHY9QHJtm6\" target=\"_blank\" rel=\"noopener\"><img loading=\"lazy\" decoding=\"async\" class=\"alignnone wp-image-8229\" title=\"Ubicaci\u00f3 Inextremis Aventura\" src=\"https:\/\/www.inextremis-aventura.fr\/wp-content\/uploads\/2022\/12\/icone-place.png\" sizes=\"auto, (max-width: 22px) 100vw, 22px\" srcset=\"https:\/\/www.inextremis-aventura.fr\/wp-content\/uploads\/2022\/12\/icone-place.png 56w, https:\/\/www.inextremis-aventura.fr\/wp-content\/uploads\/2022\/12\/icone-place-50x56.png 50w\" alt=\"Ubicaci\u00f3 Inextremis Aventura\" width=\"22\" height=\"25\" \/> Ubicaci\u00f3<\/a><\/strong>[\/vc_column_text][\/vc_column][\/vc_row][vc_row full_width=&#8221;stretch_row_content&#8221;][vc_column][vc_column_text css=&#8221;&#8221;]<div class=\"ast-breadcrumbs-wrapper\">\n\t\t\t<div class=\"ast-breadcrumbs-inner\"><nav role=\"navigation\" aria-label=\"Ruta de navegaci\u00f3\" class=\"breadcrumb-trail breadcrumbs\" ><div class=\"ast-breadcrumbs\"><ul class=\"trail-items\" ><li  class=\"trail-item trail-end\"><span><a href=\"https:\/\/www.inextremis-aventura.fr\/ca\/\" rel=\"home\"><span >Inici<\/span><\/a><\/span><\/li><\/ul><\/div><\/nav><\/div>\n\t\t<\/div>[\/vc_column_text][vc_column_text css=&#8221;&#8221;]<\/p>\r\n<h2>Un curs d&#8217;iniciaci\u00f3 esportiva interm\u00e8dia de Via Ferrada a Sant Pau de Fenollet que proporciona meravelloses sensacions de buit durant tota l&#8217;ascensi\u00f3.<\/h2>\r\n<p>Un recorregut vertical encantador per a nens a partir de 12 anys i adolescents. Barreja de Panoramique i Pichona, ruta per descobrir l&#8217;activitat en mode d&#8217;iniciaci\u00f3 esportiva.<\/p>\r\n<p>[\/vc_column_text][\/vc_column][\/vc_row][vc_row full_width=&#8221;stretch_row_content&#8221;][vc_column width=&#8221;1\/2&#8243;][vc_gallery interval=&#8221;3&#8243; images=&#8221;3206,3198,3203&#8243; img_size=&#8221;1200&#215;850&#8243; css=&#8221;.vc_custom_1754842786372{margin-bottom: 0px !important;}&#8221;][vc_column_text css=&#8221;.vc_custom_1757070298228{padding-top: 10px !important;padding-right: 10px !important;padding-bottom: 10px !important;padding-left: 10px !important;background-color: #00AF02 !important;}&#8221; el_class=&#8221;blanc&#8221;]<\/p>\r\n<p><strong>Escalar, escalar, creuar, ascendir, vorejar, travessar, ruta a\u00e8ria, ruta elevada, rutes, gas, vista de la vall, vertigen, buit, ets en una Via Ferrata.<\/strong><br \/>Cada cop m\u00e9s fam\u00edlies trien la Via Ferrata com una nova manera de descobrir la muntanya.<br \/><strong>Un curs d&#8217;iniciaci\u00f3 esportiva interm\u00e8dia de Via Ferrata <\/strong>a Saint Paul de Fenouillet que proporciona meravelloses sensacions de buit durant tota l&#8217;ascensi\u00f3. Excel\u00b7lent exercici vertical per a nens a partir de 12 anys i adolescents.<br \/>Barreja dels dos cursos per descobrir l\u2019activitat en modalitat d\u2019iniciaci\u00f3 esportiva.<\/p>\r\n<p>[\/vc_column_text][vc_column_text css=&#8221;&#8221;]<\/p>\r\n<h3>Curs esportiu mitj\u00e0 per a nens a Saint Paul de Fenouillet :<\/h3>\r\n<p><b>Nivell:<\/b> principiant, ideal per a fam\u00edlies amb nens que ja hagin practicat vies ferrades.<br \/>Exposici\u00f3: Sud \u2013 Sense escapat\u00f2ria.<br \/><b>Edat:<\/b> a partir de 12 anys<br \/><b>Durada: <\/b>aproximadament 3 hores<\/p>\r\n<p>[\/vc_column_text][vc_column_text css=&#8221;&#8221;]<\/p>\r\n<h3>Organitzaci\u00f3 i Supervisi\u00f3 de via Ferrata<\/h3>\r\n<p>erqu\u00e8 es pugui desenvolupar una sortida es requereix un m\u00ednim de 4 persones. Si sou menys de 4 persones i voleu fer una Via Ferrata supervisada per un monitor, feu clic a les dates amb una l\u00ednia a continuaci\u00f3 (sortida garantida), per saber les places que queden o poseu-vos en contacte amb nosaltres al 06 29 56 40 36, intentarem trobar una soluci\u00f3 per a vost\u00e8.<\/p>\r\n<p>[\/vc_column_text][vc_column_text css=&#8221;&#8221;]<\/p>\r\n<figure id=\"attachment_3209\" aria-describedby=\"caption-attachment-3209\" style=\"width: 703px\" class=\"wp-caption alignnone\"><img loading=\"lazy\" decoding=\"async\" class=\"wp-image-3208 size-full\" title=\"Via Ferrata l'Interm\u00e8dia Sant Pau de Fenouillet als Pirineus Orientals\" src=\"https:\/\/www.inextremis-aventura.fr\/wp-content\/uploads\/2025\/08\/via-ferrata-intermediaire-saint-paul-de-fenouillet-11.jpg\" alt=\"Via Ferrata l'Interm\u00e8dia Sant Pau de Fenouillet als Pirineus Orientals\" width=\"703\" height=\"525\" srcset=\"https:\/\/www.inextremis-aventura.fr\/wp-content\/uploads\/2025\/08\/via-ferrata-intermediaire-saint-paul-de-fenouillet-11.jpg 703w, https:\/\/www.inextremis-aventura.fr\/wp-content\/uploads\/2025\/08\/via-ferrata-intermediaire-saint-paul-de-fenouillet-11-300x224.jpg 300w\" sizes=\"auto, (max-width: 703px) 100vw, 703px\" \/><figcaption id=\"caption-attachment-3209\" class=\"wp-caption-text\">Via Ferrata l&#8217;Interm\u00e8dia Sant Pau de Fenouillet als Pirineus Orientals<\/figcaption><\/figure>\r\n<p>[\/vc_column_text][vc_column_text css=&#8221;&#8221;]<\/p>\r\n<h3>Equipament proporcionat per al vostre descens<\/h3>\r\n<ul>\r\n<li>Arn\u00e8s amb cordons dobles<\/li>\r\n<li>Casc<\/li>\r\n<li>Guants de via ferrada<\/li>\r\n<\/ul>\r\n<h3>Pertinences personals a planificar<\/h3>\r\n<ul>\r\n<li>1 roba esportiva (preferiblement pantalons o pantalons curts, sense texans)<\/li>\r\n<li>sabates esportives amb sola gruixuda<\/li>\r\n<li>motxilla petita amb ampolles d\u2019aigua<\/li>\r\n<li>1 jaqueta de pluja<\/li>\r\n<li>ulleres de sol<\/li>\r\n<\/ul>\r\n<p>[\/vc_column_text][vc_column_text css=&#8221;.vc_custom_1754301323986{padding-top: 10px !important;padding-bottom: 10px !important;padding-left: 10px !important;background-color: #00AF02 !important;}&#8221; el_class=&#8221;blanc&#8221;]<\/p>\r\n<h3>El + d\u2019Inextremis Aventura<\/h3>\r\n<p>Supervisi\u00f3 d\u2019un instructor de barranquisme d\u2019escalada amb certificat estatal franc\u00e8s amb m\u00e9s de 30 anys d\u2019experi\u00e8ncia professional.<\/p>\r\n<p>[\/vc_column_text][vc_column_text css=&#8221;.vc_custom_1754128107679{margin-bottom: 0px !important;}&#8221;]<\/p>\r\n<h3>Lloc de tobada :<\/h3>\r\n<p>[\/vc_column_text][vc_goo_maps location=&#8221;Parking de la Via Ferrata, 66220 Saint-Paul-de-Fenouillet&#8221; css=&#8221;&#8221;][\/vc_column][vc_column width=&#8221;1\/2&#8243;][vc_column_text css=&#8221;&#8221;]<\/p>\r\n<div class=\"wpcbm-badge wpcbm-badge-orange wpcbm-pid-696 wpcbm-badge-style-04 wpcbm-badge-group-0 hint--top\" aria-label=\"\">\r\n<div class=\"wpcbm-badge-inner\"><strong>Nivell: intermedi (iniciaci\u00f3 esportiva)<\/strong><\/div>\r\n<\/div>\r\n<div class=\"wpcbm-badge wpcbm-badge-black wpcbm-pid-696 wpcbm-badge-style-04 wpcbm-badge-group-0 hint--bottom\" aria-label=\"\">\r\n<div class=\"wpcbm-badge-inner\"><strong>Juliol\/Agost \/ altres per\u00edodes sota petici\u00f3<br \/><\/strong><\/div>\r\n<\/div>\r\n<p>[\/vc_column_text][vc_column_text css=&#8221;.vc_custom_1754842419248{padding-top: 10px !important;padding-right: 10px !important;padding-bottom: 10px !important;padding-left: 10px !important;background-color: #1E73BE !important;}&#8221; el_class=&#8221;blanc&#8221;]<\/p>\r\n<h3><strong>Fitxa t\u00e8cnica de via ferrada : <\/strong><\/h3>\r\n<p>Activitat : Via Ferrata<br \/><strong>Nivell: <\/strong>intermedi (iniciaci\u00f3 esportiva)<br \/><strong>Desnivell :<\/strong> 250 metres<br \/><strong>Longitud :<\/strong> 650 metres<br \/><strong>Durada de l\u2019ascens :<\/strong> 2 hores<br \/><strong>Retorn a peu:<\/strong> per un cam\u00ed en 30 minuts<br \/><strong>Lloc :<\/strong> Sant Pau de Fenollet<br \/><strong>Comarca : <\/strong>Pirineus Orientals<br \/><strong>Regi\u00f3 :<\/strong> Occit\u00e0nia \u2013 Pirineus Mediterranis<br \/><strong>El vostre organitzador :<\/strong><br \/><strong>nstructor : <\/strong>Certificat estatal franc\u00e8s d\u2019escalada que acredita l\u2019asseguran\u00e7a de responsabilitat civil professional + despeses de recerca i rescat.<br \/><strong>Idiomes parlats :<\/strong> franc\u00e8s, angl\u00e8s.<br \/><strong>Equip subministrat : Arn\u00e8s, cordes, cascs i guants.<\/strong><br \/><strong>Equip personal que cal portar :<\/strong> cal\u00e7at i roba esportiva, k-way, barretes de cereals i una petita ampolla d\u2019aigua de pl\u00e0stic.<br \/><strong>Transport :<\/strong> trobada al lloc<br \/><strong>Conditions:<\/strong><br \/>Edat m\u00ednima 12 anys<br \/>No tenir contraindicaci\u00f3 m\u00e8dica o f\u00edsica per a les activitats proposades.<br \/><strong>Notes :<\/strong><br \/>En funci\u00f3 del temps, l\u2019organitzador pot decidir traslladar-se o cancel\u00b7lar una sortida per motius de seguretat.<br \/>En cas d\u2019avaria o incompliment de l\u2019equipament prestat espec\u00edfic de les activitats o vehicles de transport, la nostra empresa reclamar\u00e0 una indemnitzaci\u00f3 a la\/s persona\/s interessada\/s, aix\u00ed com en cas de p\u00e8rdua o robatori.<\/p>\r\n<p>[\/vc_column_text][vc_column_text css=&#8221;.vc_custom_1754842390608{padding-top: 10px !important;padding-bottom: 10px !important;padding-left: 10px !important;background-color: #00AF02 !important;}&#8221; el_class=&#8221;blanc&#8221;]<\/p>\r\n<h3>Preus de la sortida<\/h3>\r\n<p>Preu d\u20191 a 4 persones: 40\u20ac\/persona<br \/>Preu de 5 a 7 persones i m\u00e9s: 38\u20ac\/persona<br \/>Preu de 8 a 12 persones i m\u00e9s: 35\u20ac\/persona<\/p>\r\n<p>[\/vc_column_text][vc_column_text css=&#8221;.vc_custom_1754301401998{padding-top: 10px !important;padding-right: 10px !important;padding-bottom: 10px !important;padding-left: 10px !important;background-color: #1E73BE !important;}&#8221; el_class=&#8221;blanc&#8221;]<\/p>\r\n<div id=\"field_6749d90b0f278\" class=\"type-wysiwyg vc_custom_1740515869619 vc_sw-acf blanc vc_sw-align-left field_6749d90b0f278\"><strong>Voleu una data diferent a les que es mostren per a la vostra excursi\u00f3 a la via ferrada ?<\/strong> <strong>Podem establir una sortida a petici\u00f3 fora de la temporada d\u2019estiu.<\/strong> <strong>Les sortides estan garantides per a grups de 4 o m\u00e9s persones. Si no s&#8217;arriba al nombre m\u00ednim, intentarem ubicar-vos amb un company on us retornarem l&#8217;import \u00edntegre que vau pagar en fer la reserva.<\/strong><\/div>\r\n<p>[\/vc_column_text][vc_column_text css=&#8221;.vc_custom_1754067969179{padding-top: 10px !important;padding-right: 10px !important;padding-bottom: 10px !important;padding-left: 10px !important;background-color: #000000 !important;}&#8221; el_class=&#8221;blanc&#8221;]<\/p>\r\n<div id=\"field_6749d90b0f278\" class=\"type-wysiwyg vc_custom_1740515869619 vc_sw-acf blanc vc_sw-align-left field_6749d90b0f278\"><strong>Dates ratllades o sortides completes que no es poden fer clic. <\/strong><\/div>\r\n<p>[\/vc_column_text][vc_column_text css=&#8221;&#8221;]<\/p>\r\n<div class=\"yith-wcbk-booking-form-block with-full-width-button woocommerce\" style=\"background: #ffffff; color: #000000; padding: 20px\"><div class=\"desktop-align-center tablet-align-left mobile-align-left ast-product-gallery-layout-horizontal ast-product-gallery-with-no-image ast-magnify-disabled product type-product post-2021 status-publish first instock product_cat-via-ferrata has-post-thumbnail virtual sold-individually purchasable product-type-booking\"><p class=\"price\"><span class=\"woocommerce-Price-amount amount\"><bdi>43,00&nbsp;<span class=\"woocommerce-Price-currencySymbol\">&euro;<\/span><\/bdi><\/span><\/p>\n\n<form class=\"cart\" method=\"post\" enctype='multipart\/form-data'>\n\n\t<input type=\"hidden\" name=\"add-to-cart\" value=\"2021\"\/>\n\n\t<div\n\t\tclass=\"yith-wcbk-booking-form\"\n\t\tdata-product-id=\"2021\"\n\t\tdata-booking_data=\"{&quot;minimum_number_of_people&quot;:1,&quot;maximum_number_of_people&quot;:10,&quot;duration&quot;:3,&quot;duration_unit&quot;:&quot;hour&quot;,&quot;minimum_duration&quot;:1,&quot;maximum_duration&quot;:1,&quot;full_day&quot;:&quot;no&quot;,&quot;min_persons&quot;:1,&quot;max_persons&quot;:10,&quot;all_day&quot;:&quot;no&quot;}\"\n>\n<div class=\"yith-wcbk-form-section-dates-wrapper yith-wcbk-form-section-wrapper\">\n\t<div class=\"yith-wcbk-form-section yith-wcbk-form-section-dates \">\n\n\t<label for=\"yith-wcbk-booking-start-date-2021\" class='yith-wcbk-form-section__label yith-wcbk-booking-form__label'>Data d&#039;inici<\/label>\n\t<div class=\"yith-wcbk-form-section__content\">\n\t\t<div class=\"yith-wcbk-date-picker-inline-wrapper yith-wcbk-clearfix\">\n\t<div id=\"yith-wcbk-booking-start-date-2021\"\n\t\t\tclass=\"yith-wcbk-date-picker yith-wcbk-date-picker--inline yith-wcbk-booking-date yith-wcbk-booking-start-date\"\n\t\t\t\t data-type=\"from\" data-all-day=\"no\" data-ajax-load-months=\"yes\" data-min-duration=\"1\" data-month-to-load=\"7\" data-year-to-load=\"2026\" data-min-date=\"+0D\" data-max-date=\"+1Y\" data-not-available-dates=\"[&quot;2026-04-01&quot;,&quot;2026-04-02&quot;,&quot;2026-04-03&quot;,&quot;2026-04-04&quot;,&quot;2026-04-05&quot;,&quot;2026-04-06&quot;,&quot;2026-04-07&quot;,&quot;2026-04-08&quot;,&quot;2026-04-09&quot;,&quot;2026-04-10&quot;,&quot;2026-04-11&quot;,&quot;2026-04-12&quot;,&quot;2026-04-13&quot;,&quot;2026-04-14&quot;,&quot;2026-04-15&quot;,&quot;2026-04-16&quot;,&quot;2026-04-17&quot;,&quot;2026-04-18&quot;,&quot;2026-04-19&quot;,&quot;2026-04-20&quot;,&quot;2026-04-21&quot;,&quot;2026-04-22&quot;,&quot;2026-04-23&quot;,&quot;2026-04-24&quot;,&quot;2026-04-25&quot;,&quot;2026-04-26&quot;,&quot;2026-04-27&quot;,&quot;2026-04-28&quot;,&quot;2026-04-29&quot;,&quot;2026-04-30&quot;,&quot;2026-05-01&quot;,&quot;2026-05-02&quot;,&quot;2026-05-03&quot;,&quot;2026-05-04&quot;,&quot;2026-05-05&quot;,&quot;2026-05-06&quot;,&quot;2026-05-07&quot;,&quot;2026-05-08&quot;,&quot;2026-05-09&quot;,&quot;2026-05-10&quot;,&quot;2026-05-11&quot;,&quot;2026-05-12&quot;,&quot;2026-05-13&quot;,&quot;2026-05-14&quot;,&quot;2026-05-15&quot;,&quot;2026-05-16&quot;,&quot;2026-05-17&quot;,&quot;2026-05-18&quot;,&quot;2026-05-19&quot;,&quot;2026-05-20&quot;,&quot;2026-05-21&quot;,&quot;2026-05-22&quot;,&quot;2026-05-23&quot;,&quot;2026-05-24&quot;,&quot;2026-05-25&quot;,&quot;2026-05-26&quot;,&quot;2026-05-27&quot;,&quot;2026-05-28&quot;,&quot;2026-05-29&quot;,&quot;2026-05-30&quot;,&quot;2026-05-31&quot;,&quot;2026-06-01&quot;,&quot;2026-06-02&quot;,&quot;2026-06-03&quot;,&quot;2026-06-04&quot;,&quot;2026-06-05&quot;,&quot;2026-06-06&quot;,&quot;2026-06-07&quot;,&quot;2026-06-08&quot;,&quot;2026-06-09&quot;,&quot;2026-06-10&quot;,&quot;2026-06-11&quot;,&quot;2026-06-12&quot;,&quot;2026-06-13&quot;,&quot;2026-06-14&quot;,&quot;2026-06-15&quot;,&quot;2026-06-16&quot;,&quot;2026-06-17&quot;,&quot;2026-06-18&quot;,&quot;2026-06-19&quot;,&quot;2026-06-20&quot;,&quot;2026-06-21&quot;,&quot;2026-06-22&quot;,&quot;2026-06-23&quot;,&quot;2026-06-24&quot;,&quot;2026-06-25&quot;,&quot;2026-06-26&quot;,&quot;2026-06-27&quot;,&quot;2026-06-28&quot;,&quot;2026-06-29&quot;,&quot;2026-06-30&quot;]\" data-product-id=\"2021\" data-related-to=\"#yith-wcbk-booking-end-date-2021\" data-allow-same-date=\"no\" data-allowed-days=\"[]\" data-on-select-open=\"#yith-wcbk-booking-end-date-2021\" data-static=\"yes\" data-loaded-months=\"[&quot;2026-04&quot;,&quot;2026-05&quot;,&quot;2026-06&quot;]\" data-months-to-load=\"3\" data-update-on-change=\"#yith-wcbk-booking-start-date-2021--hidden-form-field\" data-value=\"\" \t><\/div>\n\n\t<input id=\"yith-wcbk-booking-start-date-2021--hidden-form-field\"\n\t\t\ttype=\"hidden\"\n\n\t\t\t\t\tname=\"start-date\"\n\t\t\n\t\t\tvalue=\"\"\n\t\/>\n<\/div>\n\n<input type=\"hidden\"\n\t\tid=\"yith-wcbk-booking-hidden-from2021\"\n\n\t\t\tname=\"from\"\n\t\n\t\tclass=\"yith-wcbk-booking-date yith-wcbk-booking-hidden-from\"\n\t\tvalue=\"\"\n\n\t\t\n\/>\n\t<\/div>\n<\/div>\n<div class=\"yith-wcbk-form-section yith-wcbk-form-section-dates yith-wcbk-form-section-dates-date-time\">\n\t<label for=\"yith-wcbk-booking-start-date-time-2021\" class='yith-wcbk-form-section__label yith-wcbk-booking-form__label'>Horaires<\/label>\n\t<div class=\"yith-wcbk-form-section__content\">\n\t\t<div class=\"yith-wcbk-select-alt__container\">\n\t\n<select\n\t\tid=\"\"\n\n\t\t\tname=\"from-time\"\n\t\n\t\tclass=\"yith-wcbk-booking-date yith-wcbk-booking-start-date-time\"\n\n\t\t\n\t>\n\t\t\t\t\t\t\t\t\t<option\n\t\t\t\t\tvalue=\"\"\n\t\t\t\t\tclass=\"\"\n\t\t\t\t selected='selected'\t\t\t>Seleccioneu Hora<\/option>\n\t\t\t<\/select>\n\t<span class=\"yith-wcbk-select-alt__arrow yith-icon yith-icon-arrow-down-alt\"><\/span>\n<\/div>\n\t<\/div>\n<\/div>\n<div class=\"yith-wcbk-form-section yith-wcbk-form-section-duration yith-wcbk-form-section-duration--type-fixed yith-wcbk-form-section-duration--no-field\">\n\t<label for=\"yith-wcbk-booking-duration-2021\" class='yith-wcbk-form-section__label yith-wcbk-booking-form__label'>Durada<\/label>\n\t<div class=\"yith-wcbk-form-section__content\">\n\t\t\n<input type=\"hidden\"\n\t\tid=\"\"\n\n\t\t\tname=\"duration\"\n\t\n\t\tclass=\"yith-wcbk-booking-duration\"\n\t\tvalue=\"1\"\n\n\tstep=\"1\" min=\"1\" pattern=\"[0-9]*\" inputmode=\"numeric\" max=\"1\"\t\n\/>\n\n\t\t<span class=\"yith-wcbk-booking-duration__label\">3 hores<\/span>\n\n\t\t\t<\/div>\n<\/div>\n<\/div>\n<div class=\"yith-wcbk-form-section-persons-wrapper yith-wcbk-form-section-wrapper\">\n\t<div class=\"yith-wcbk-form-section yith-wcbk-form-section-people-selector\">\n\t<label class='yith-wcbk-form-section__label yith-wcbk-booking-form__label' for=\"yith-wcbk-people-selector-2021\">Persones<\/label>\n\t<div class=\"yith-wcbk-form-section__content\">\n\t\t<div\n\t\t\t\tid=\"yith-wcbk-people-selector-2021\"\n\t\t\t\tclass=\"yith-wcbk-people-selector\"\n\t\t\t\tdata-min=\"1\"\n\t\t\t\t\t\t\tdata-max=\"10\"\n\t\t\t\t\t>\n\t\t\t<div class=\"yith-wcbk-people-selector__toggle-handler\">\n\t\t\t\t<span class=\"yith-wcbk-people-selector__totals\"><\/span>\n\t\t\t<\/div>\n\t\t\t<div class=\"yith-wcbk-people-selector__fields-container\">\n\t\t\t\t\t\t\t\t\t\t\t\t\t\t<div\n\t\t\t\t\t\t\tid=\"yith-wcbk-booking-persons-type-62\"\n\t\t\t\t\t\t\tclass=\"yith-wcbk-people-selector__field yith-wcbk-clearfix\"\n\t\t\t\t\t\t\tdata-min=\"0\"\n\t\t\t\t\t\t\t\t\t\t\t\t\tdata-max=\"10\"\n\t\t\t\t\t\t\t\t\t\t\t\t\t\t\t\t\t>\n\t\t\t\t\t\t<div class=\"yith-wcbk-people-selector__field__title\">Adulte(s)<\/div>\n\t\t\t\t\t\t<div class=\"yith-wcbk-people-selector__field__totals\">\n\t\t\t\t\t\t<span class=\"yith-wcbk-people-selector__field__minus\">\n\t\t\t\t\t\t\t<span class=\"yith-wcbk-people-selector__field__minus-wrap\">\n\t\t\t\t\t\t\t\t\t\t<svg viewBox=\"0 0 24 24\" role=\"img\" focusable=\"false\" style=\"height: 1em; width: 1em; display: block; fill: currentcolor;\">\n\t\t\t<rect height=\"2\" rx=\"1\" width=\"12\" x=\"6\" y=\"11\"><\/rect>\n\t\t<\/svg>\n\t\t\t\t\t\t\t\t\t<\/span>\n\t\t\t\t\t\t<\/span>\n\t\t\t\t\t\t\t<span class=\"yith-wcbk-people-selector__field__total\"><\/span>\n\t\t\t\t\t\t\t<span class=\"yith-wcbk-people-selector__field__plus\">\n\t\t\t\t\t\t\t<span class=\"yith-wcbk-people-selector__field__plus-wrap\">\n\t\t\t\t\t\t\t\t\t\t<svg viewBox=\"0 0 24 24\" role=\"img\" focusable=\"false\" style=\"height: 1em; width: 1em; display: block; fill: currentcolor;\">\n\t\t\t<rect height=\"2\" rx=\"1\" width=\"12\" x=\"6\" y=\"11\"><\/rect>\n\t\t\t<rect height=\"12\" rx=\"1\" width=\"2\" x=\"11\" y=\"6\"><\/rect>\n\t\t<\/svg>\n\t\t\t\t\t\t\t\t\t<\/span>\n\t\t\t\t\t\t<\/span>\n\t\t\t\t\t\t<\/div>\n\n\t\t\t\t\t\t<input type=\"hidden\" name=\"person_types[62]\" class=\"yith-wcbk-people-selector__field__value yith-wcbk-booking-person-types\" data-person-type-id=\"62\" value=\"0\"\/>\n\t\t\t\t\t<\/div>\n\t\t\t\t\t\t\t\t\t\t\t\t\t\t<div\n\t\t\t\t\t\t\tid=\"yith-wcbk-booking-persons-type-63\"\n\t\t\t\t\t\t\tclass=\"yith-wcbk-people-selector__field yith-wcbk-clearfix\"\n\t\t\t\t\t\t\tdata-min=\"0\"\n\t\t\t\t\t\t\t\t\t\t\t\t\tdata-max=\"8\"\n\t\t\t\t\t\t\t\t\t\t\t\t\t\t\t\t\t>\n\t\t\t\t\t\t<div class=\"yith-wcbk-people-selector__field__title\">Enfant(s) jusqu&#8217;\u00e0 14 ans<\/div>\n\t\t\t\t\t\t<div class=\"yith-wcbk-people-selector__field__totals\">\n\t\t\t\t\t\t<span class=\"yith-wcbk-people-selector__field__minus\">\n\t\t\t\t\t\t\t<span class=\"yith-wcbk-people-selector__field__minus-wrap\">\n\t\t\t\t\t\t\t\t\t\t<svg viewBox=\"0 0 24 24\" role=\"img\" focusable=\"false\" style=\"height: 1em; width: 1em; display: block; fill: currentcolor;\">\n\t\t\t<rect height=\"2\" rx=\"1\" width=\"12\" x=\"6\" y=\"11\"><\/rect>\n\t\t<\/svg>\n\t\t\t\t\t\t\t\t\t<\/span>\n\t\t\t\t\t\t<\/span>\n\t\t\t\t\t\t\t<span class=\"yith-wcbk-people-selector__field__total\"><\/span>\n\t\t\t\t\t\t\t<span class=\"yith-wcbk-people-selector__field__plus\">\n\t\t\t\t\t\t\t<span class=\"yith-wcbk-people-selector__field__plus-wrap\">\n\t\t\t\t\t\t\t\t\t\t<svg viewBox=\"0 0 24 24\" role=\"img\" focusable=\"false\" style=\"height: 1em; width: 1em; display: block; fill: currentcolor;\">\n\t\t\t<rect height=\"2\" rx=\"1\" width=\"12\" x=\"6\" y=\"11\"><\/rect>\n\t\t\t<rect height=\"12\" rx=\"1\" width=\"2\" x=\"11\" y=\"6\"><\/rect>\n\t\t<\/svg>\n\t\t\t\t\t\t\t\t\t<\/span>\n\t\t\t\t\t\t<\/span>\n\t\t\t\t\t\t<\/div>\n\n\t\t\t\t\t\t<input type=\"hidden\" name=\"person_types[63]\" class=\"yith-wcbk-people-selector__field__value yith-wcbk-booking-person-types\" data-person-type-id=\"63\" value=\"0\"\/>\n\t\t\t\t\t<\/div>\n\t\t\t\t\t\t\t\t<div class=\"yith-wcbk-people-selector__fields-container__footer yith-wcbk-clearfix\">\n\t\t\t\t\t<span class=\"yith-wcbk-people-selector__close-handler\">Tancar<\/span>\n\t\t\t\t<\/div>\n\t\t\t<\/div>\n\t\t<\/div>\n\t<\/div>\n<\/div>\n<\/div>\n\n<div class=\"yith-wcbk-form-section yith-wcbk-form-section-totals\">\n\t<label class='yith-wcbk-form-section__label yith-wcbk-booking-form__label'>Totals<\/label>\n\t<div class=\"yith-wcbk-form-section__content\">\n\t\t<div class=\"yith-wcbk-booking-form-totals\"><\/div>\n\t<\/div>\n<\/div>\n<div class=\"yith-wcbk-booking-form-message\"><\/div>\n<\/div>\n\n\t\n<!-- #yith-wapo-container -->\n<div id=\"yith-wapo-container\" class=\"yith-wapo-container yith-wapo-form-style-theme\" data-product-price=\"43\" data-default-product-price=\"43\" data-product-id=\"2021\">\n\t<input type=\"hidden\" id=\"yith_wapo_product_id\" name=\"yith_wapo_product_id\" value=\"2021\"><input type=\"hidden\" id=\"yith_wapo_product_img\" name=\"yith_wapo_product_img\" value=\"\"><input type=\"hidden\" id=\"yith_wapo_is_single\" name=\"yith_wapo_is_single\" value=\"1\"><input type=\"hidden\" id=\"_wpnonce\" name=\"_wpnonce\" value=\"519590b5f5\" \/><input type=\"hidden\" name=\"_wp_http_referer\" value=\"\/ca\/wp-json\/wp\/v2\/pages\/3820\" \/><\/div>\n\n<div class=\"wc-deposits-wrapper wc-deposits-optional\">\n\t\t\t<fieldset>\n\t\t\t<legend>Choose your payment option<\/legend>\n\t\t\t<ul class=\"wc-deposits-option\">\n\t\t\t\t<li>\n\t\t\t\t\t<input\n\t\t\t\t\t\ttype=\"radio\"\n\t\t\t\t\t\tname=\"wc_deposit_option\"\n\t\t\t\t\t\tvalue=\"yes\"\n\t\t\t\t\t\tid=\"wc-option-pay-deposit\"\n\t\t\t\t\t\t checked='checked'\t\t\t\t\t\t aria-describedby=\"wc-deposits-payment-description\"\t\t\t\t\t\t\t\t\t\t\t\/>\n\t\t\t\t\t<label for=\"wc-option-pay-deposit\">\n\t\t\t\t\t\tPay Deposit\t\t\t\t\t<\/label>\n\t\t\t\t<\/li>\n\t\t\t\t<li>\n\t\t\t\t\t<input type=\"radio\" name=\"wc_deposit_option\" value=\"no\" id=\"wc-option-pay-full\"  \/>\n\t\t\t\t\t<label for=\"wc-option-pay-full\">\n\t\t\t\t\t\tPay in Full\t\t\t\t\t<\/label>\n\t\t\t\t<\/li>\n\t\t\t<\/ul>\n\t\t<\/fieldset>\n\t\n\t\t\t<div class=\"wc-deposits-payment-description\" id=\"wc-deposits-payment-description\" style=\"display:block;\">\n\t\t\tPay a <span class=\"wc-deposits-amount\">20%<\/span> deposit\t\t<\/div>\n\t<\/div>\n\n\t\n\t<button type=\"submit\" class=\"yith-wcbk-add-to-cart-button single_add_to_cart_button button alt\"\n\t\tdisabled>Afegir al carret\u00f3<\/button>\n\n\t\n\t<\/form>\n\n<\/div><\/div>[\/vc_column_text][\/vc_column][\/vc_row]<\/p><\/div>","protected":false},"excerpt":{"rendered":"<p>[vc_row full_width=&#8221;stretch_row_content_no_spaces&#8221; content_placement=&#8221;middle&#8221; css=&#8221;.vc_custom_1754069214761{padding-top: 10px !important;padding-right: 10px !important;padding-bottom: 10px !important;padding-left: 10px !important;background-color: #FB2056 !important;}&#8221; el_class=&#8221;barre&#8221;][vc_column width=&#8221;1\/4&#8243; offset=&#8221;vc_hidden-sm vc_hidden-xs&#8221;][vc_column_text css=&#8221;&#8221;] Contacta amb nosaltres ! [\/vc_column_text][\/vc_column][vc_column width=&#8221;1\/4&#8243; offset=&#8221;vc_hidden-xs&#8221;][vc_column_text css=&#8221;&#8221;]+33 980 850 565[\/vc_column_text][\/vc_column][vc_column width=&#8221;1\/4&#8243;][vc_column_text css=&#8221;&#8221;]+33 629 564 036[\/vc_column_text][\/vc_column][vc_column width=&#8221;1\/4&#8243; offset=&#8221;vc_hidden-xs&#8221;][vc_column_text css=&#8221;&#8221;] Ubicaci\u00f3[\/vc_column_text][\/vc_column][\/vc_row][vc_row full_width=&#8221;stretch_row_content&#8221;][vc_column][vc_column_text css=&#8221;&#8221;][\/vc_column_text][vc_column_text css=&#8221;&#8221;] Un curs d&#8217;iniciaci\u00f3 esportiva interm\u00e8dia de Via Ferrada a Sant Pau de Fenollet [&hellip;]<\/p>\n","protected":false},"author":1,"featured_media":2505,"parent":3569,"menu_order":0,"comment_status":"closed","ping_status":"closed","template":"","meta":{"_acf_changed":false,"_seopress_robots_primary_cat":"","_seopress_titles_title":"Via Ferrada interm\u00e8dia a Saint Paul de Fenouillet","_seopress_titles_desc":"Un curs d'iniciaci\u00f3 esportiva interm\u00e8dia de Via Ferrada a Sant Pau de Fenollet que proporciona meravelloses sensacions de buit durant tota l'ascensi\u00f3.","_seopress_robots_index":"","site-sidebar-layout":"no-sidebar","site-content-layout":"plain-container","ast-site-content-layout":"default","site-content-style":"default","site-sidebar-style":"default","ast-global-header-display":"","ast-banner-title-visibility":"","ast-main-header-display":"","ast-hfb-above-header-display":"","ast-hfb-below-header-display":"","ast-hfb-mobile-header-display":"","site-post-title":"disabled","ast-breadcrumbs-content":"","ast-featured-img":"disabled","footer-sml-layout":"","ast-disable-related-posts":"","theme-transparent-header-meta":"default","adv-header-id-meta":"","stick-header-meta":"default","header-above-stick-meta":"","header-main-stick-meta":"","header-below-stick-meta":"","astra-migrate-meta-layouts":"set","ast-page-background-enabled":"default","ast-page-background-meta":{"desktop":{"background-color":"var(--ast-global-color-4)","background-image":"","background-repeat":"repeat","background-position":"center center","background-size":"auto","background-attachment":"scroll","background-type":"","background-media":"","overlay-type":"","overlay-color":"","overlay-opacity":"","overlay-gradient":""},"tablet":{"background-color":"","background-image":"","background-repeat":"repeat","background-position":"center center","background-size":"auto","background-attachment":"scroll","background-type":"","background-media":"","overlay-type":"","overlay-color":"","overlay-opacity":"","overlay-gradient":""},"mobile":{"background-color":"","background-image":"","background-repeat":"repeat","background-position":"center center","background-size":"auto","background-attachment":"scroll","background-type":"","background-media":"","overlay-type":"","overlay-color":"","overlay-opacity":"","overlay-gradient":""}},"ast-content-background-meta":{"desktop":{"background-color":"var(--ast-global-color-5)","background-image":"","background-repeat":"repeat","background-position":"center center","background-size":"auto","background-attachment":"scroll","background-type":"","background-media":"","overlay-type":"","overlay-color":"","overlay-opacity":"","overlay-gradient":""},"tablet":{"background-color":"var(--ast-global-color-5)","background-image":"","background-repeat":"repeat","background-position":"center center","background-size":"auto","background-attachment":"scroll","background-type":"","background-media":"","overlay-type":"","overlay-color":"","overlay-opacity":"","overlay-gradient":""},"mobile":{"background-color":"var(--ast-global-color-5)","background-image":"","background-repeat":"repeat","background-position":"center center","background-size":"auto","background-attachment":"scroll","background-type":"","background-media":"","overlay-type":"","overlay-color":"","overlay-opacity":"","overlay-gradient":""}},"footnotes":""},"class_list":["post-3820","page","type-page","status-publish","has-post-thumbnail","hentry"],"acf":[],"_links":{"self":[{"href":"https:\/\/www.inextremis-aventura.fr\/ca\/wp-json\/wp\/v2\/pages\/3820","targetHints":{"allow":["GET"]}}],"collection":[{"href":"https:\/\/www.inextremis-aventura.fr\/ca\/wp-json\/wp\/v2\/pages"}],"about":[{"href":"https:\/\/www.inextremis-aventura.fr\/ca\/wp-json\/wp\/v2\/types\/page"}],"author":[{"embeddable":true,"href":"https:\/\/www.inextremis-aventura.fr\/ca\/wp-json\/wp\/v2\/users\/1"}],"replies":[{"embeddable":true,"href":"https:\/\/www.inextremis-aventura.fr\/ca\/wp-json\/wp\/v2\/comments?post=3820"}],"version-history":[{"count":4,"href":"https:\/\/www.inextremis-aventura.fr\/ca\/wp-json\/wp\/v2\/pages\/3820\/revisions"}],"predecessor-version":[{"id":5197,"href":"https:\/\/www.inextremis-aventura.fr\/ca\/wp-json\/wp\/v2\/pages\/3820\/revisions\/5197"}],"up":[{"embeddable":true,"href":"https:\/\/www.inextremis-aventura.fr\/ca\/wp-json\/wp\/v2\/pages\/3569"}],"wp:featuredmedia":[{"embeddable":true,"href":"https:\/\/www.inextremis-aventura.fr\/ca\/wp-json\/wp\/v2\/media\/2505"}],"wp:attachment":[{"href":"https:\/\/www.inextremis-aventura.fr\/ca\/wp-json\/wp\/v2\/media?parent=3820"}],"curies":[{"name":"wp","href":"https:\/\/api.w.org\/{rel}","templated":true}]}}